{"id":47,"date":"2013-12-03T17:44:34","date_gmt":"2013-12-03T16:44:34","guid":{"rendered":"http:\/\/www.eoiestepa.es\/?page_id=47"},"modified":"2026-03-25T11:29:37","modified_gmt":"2026-03-25T09:29:37","slug":"matricula-libre","status":"publish","type":"page","link":"https:\/\/www.eoiestepa.es\/?page_id=47","title":{"rendered":"Matr\u00edcula Libre en Idiomas"},"content":{"rendered":"<p style=\"text-align: center;\"><b>(V\u00e1lida para las convocatorias de junio y septiembre<\/b><b>)<\/b><\/p>\n<p><strong>PLAZO DE MATRICULACI\u00d3N:<\/strong> DEL 1 AL 15 DE ABRIL<\/p>\n<p><strong>NIVELES:\u00a0<\/strong>FRANC\u00c9S\u00a0 (B1) , INGL\u00c9S (A2,\u00a0 B1,\u00a0 B2 y C1)<\/p>\n<p><strong><a href=\"https:\/\/drive.google.com\/file\/d\/1ZL_nZMQmc4nU1Z4UCVu-9AY6V4NftNXI\/view\">FECHAS DE EX\u00c1MENES\u00a0 (PINCHA AQU\u00cd) <\/a>(falta por determinar las pruebas orales)<\/strong><\/p>\n<p><b>QUI\u00c9N PUEDE MATRICULARSE<\/b><span style=\"font-weight: 400;\">:<\/span><\/p>\n<ul>\n<li style=\"font-weight: 400;\" aria-level=\"1\"><span style=\"font-weight: 400;\">LAS PERSONAS MAYORES DE 16 A\u00d1OS Y LOS QUE CUMPLAN 16 ANTES DEL 31 DE DICIEMBRE 2026.<\/span><\/li>\n<li style=\"font-weight: 400;\" aria-level=\"1\"><span style=\"font-weight: 400;\">LAS PERSONAS CON DOMICILIO M\u00c1S CERCANO A NUESTRA ESCUELA.<\/span><\/li>\n<li style=\"font-weight: 400;\" aria-level=\"1\"><span style=\"font-weight: 400;\">EL ALUMNADO CON MATR\u00cdCULA ORDINARIA, PREVIA SOLICITUD DE SIMULTANEIDAD, EN IDIOMA DISTINTO AL DE SU MATR\u00cdCULA.<\/span><\/li>\n<\/ul>\n<p><b>OPCIONES PARA PRESENTAR MATR\u00cdCULA:\u00a0<\/b><\/p>\n<p><b>A.- PRESENTACI\u00d3N TELEM\u00c1TICA A TRAV\u00c9S DE LA <a href=\"https:\/\/www.juntadeandalucia.es\/educacion\/secretariavirtual\/\">SECRETAR\u00cdA VIRTUAL DE LA JUNTA DE ANDALUC\u00cdA (PINCHA AQU\u00cd). <\/a><\/b><b>(RECOMENDADO)<\/b><\/p>\n<p><span style=\"font-weight: 400;\">(el impreso 046 se genera junto con el impreso de matr\u00edcula,<\/span><span style=\"font-weight: 400;\"> necesitar\u00e1 una tarjeta bancaria de d\u00e9bito para hacer el pago)<\/span><\/p>\n<p><span style=\"font-weight: 400;\">Este medio conlleva una BONIFICACI\u00d3N DEL 10% (No olvide marcar la casilla)<\/span><\/p>\n<p><b>B.-<\/b><span style=\"font-weight: 400;\"><strong> PRESENCIALMENTE EN LA SECRETAR\u00cdA DEL CENTRO<\/strong> (del 1 al 15 de abril, Semana Santa cerrado). Horario de Secretar\u00eda: lunes y martes de 16:00 a 20:00 horas, mi\u00e9rcoles, jueves y viernes de 10:00 a 14:00 horas.<\/span><\/p>\n<p>Si formaliza su matr\u00edcula presencialmente en nuestro centro, debe presentar el impreso de matr\u00edcula relleno e impreso (\u00a0<a href=\"https:\/\/drive.google.com\/file\/d\/1UO1pCXryi_PVbJM_VQF4YERNFV8fQcZ4\/view?usp=sharing\">IMPRESO DE MATRICULA<\/a>), junto con las tasas de pago Modelo 046 (ejemplar para la administraci\u00f3n) (<a href=\"https:\/\/www.juntadeandalucia.es\/economiayhacienda\/apl\/surweb\/modelos\/modelo046\/046.jsp\">ENLACE PAGO DE TASAS<\/a>) y fotocopia de su DNI.\u00a0<\/p>\n<p><strong><u>INSTRUCCIONES PARA RELLENAR EL MODELO 046<\/u><\/strong><\/p>\n<ol type=\"a\">\n<li>OBLIGADO AL PAGO: Datos del alumno\/a<\/li>\n<li>DATOS GENERALES: \u2013 Marcar AUTOLIQUIDACI\u00d3N<\/li>\n<li>DESCRIPCI\u00d3N: Escribir el siguiente texto:\u00a0<strong>Matr\u00edcula en\u2026<sup>(INDICAR \u00a0CURSO\/MODALIDAD E IDIOMA)<\/sup>\u2026curso 2025-2026<\/strong><\/li>\n<li>FECHA DE DEVENGO: d\u00eda del pago<\/li>\n<li>C\u00d3DIGO TERRITORIAL:\u00a0\u00a0\u00a0<strong>ED 4193<\/strong><\/li>\n<li>CONCEPTO DE PAGO: \u00a0\u00a0\u00a0\u00a0<strong>0026<\/strong><\/li>\n<\/ol>\n<table>\n<tbody>\n<tr>\n<td style=\"text-align: center;\">\u00a0<\/td>\n<td style=\"text-align: center;\" colspan=\"4\">\n<p><b>TASAS MATRICULACI\u00d3N PARA EL A\u00d1O 2026<\/b><\/p>\n<\/td>\n<\/tr>\n<tr>\n<td>\u00a0<\/td>\n<td colspan=\"2\">\n<p style=\"text-align: center;\"><b>1\u00ba Idioma\u00a0<\/b><\/p>\n<\/td>\n<td colspan=\"2\">\n<p style=\"text-align: center;\"><b>2\u00ba Idioma<\/b><\/p>\n<\/td>\n<\/tr>\n<tr>\n<td>\u00a0<\/td>\n<td>\n<p><b>Tasa general\u00a0<\/b><\/p>\n<\/td>\n<td>\n<p><b>Familia numerosa general\u00a0<\/b><\/p>\n<\/td>\n<td>\n<p><b>Tasa general\u00a0<\/b><\/p>\n<\/td>\n<td>\n<p><b>Familia Numerosa<\/b><b>\u00a0<\/b><\/p>\n<p><b>general<\/b><\/p>\n<\/td>\n<\/tr>\n<tr>\n<td>\n<p style=\"text-align: center;\"><b>Nuevo\/a alumno\/a\u00a0<\/b><\/p>\n<\/td>\n<td>\n<p style=\"text-align: center;\"><span style=\"font-weight: 400;\">81,41 \u20ac\u00a0<\/span><\/p>\n<\/td>\n<td style=\"text-align: center;\">\n<p><span style=\"font-weight: 400;\">40,71 \u20ac\u00a0<\/span><\/p>\n<\/td>\n<td style=\"text-align: center;\">\n<p><span style=\"font-weight: 400;\">131.50\u20ac\u00a0<\/span><\/p>\n<\/td>\n<td>\n<p style=\"text-align: center;\"><span style=\"font-weight: 400;\">65,74 \u20ac<\/span><\/p>\n<\/td>\n<\/tr>\n<tr>\n<td style=\"text-align: center;\">\n<p><b>Antiguo\/a alumno\/a\u00a0<\/b><\/p>\n<\/td>\n<td style=\"text-align: center;\">\n<p><span style=\"font-weight: 400;\">59,04 \u20ac\u00a0<\/span><\/p>\n<\/td>\n<td style=\"text-align: center;\">\n<p><span style=\"font-weight: 400;\">29,52 \u20ac\u00a0<\/span><\/p>\n<\/td>\n<td style=\"text-align: center;\">\n<p><span style=\"font-weight: 400;\">109,13\u20ac\u00a0<\/span><\/p>\n<\/td>\n<td>\n<p style=\"text-align: center;\"><span style=\"font-weight: 400;\">54,56\u20ac<\/span><\/p>\n<\/td>\n<\/tr>\n<\/tbody>\n<\/table>\n<p>*** Est\u00e1n exentos del pago de estas tasas:<\/p>\n<ul>\n<li>LAS PERSONAS CON DISCAPACIDAD, EN UN GRADO IGUAL O SUPERIOR AL 33%.<\/li>\n<li>Reexpedici\u00f3n de t\u00edtulos o documentos; Ley 3\/2007, de 15 de marzo, reguladora de la rectificaci\u00f3n registral de la menci\u00f3n relativa al sexo de las<\/li>\n<li>Ley 10\/2010 de 15 de noviembre, de Solidaridad con las v\u00edctimas del terrorismo \u2013 BOJA de 24\/11\/2010.<\/li>\n<li>Los beneficiarios de familia numerosa de categor\u00eda especial (categor\u00eda establecida en Ley 40\/2003 de 18 de noviembre, de protecci\u00f3n de las Familias Numerosas)<\/li>\n<li>La expedici\u00f3n de t\u00edtulos duplicados por causa imputable a la Administraci\u00f3n.<\/li>\n<li>Exentos de pago de tasas por servicios acad\u00e9micos el alumnado matriculado, que resulte beneficiario de las becas incluidas en la convocatoria general de becas y ayudas al estudio.<\/li>\n<\/ul>\n<p><strong><u>DOCUMENTOS PARA FORMALIZAR LA MATR\u00cdCULA LIBRE<\/u><\/strong><\/p>\n<ul>\n<li>Fotocopia del D.N.I. (m\u00e1s fotocopia del D.N.I. del padre o madre, en el caso de menores)<\/li>\n<li>Impreso de matr\u00edcula debidamente cumplimentado.<\/li>\n<li>Resguardo de haber pagado las tasas acad\u00e9micas (modelo 046) (fecha de pago entre el 1 y el 15 de abril).<\/li>\n<li>Fotocopia de T\u00edtulo de Familia Numerosa en vigor (si procede)<\/li>\n<li>Documento justificativo de la discapacidad<\/li>\n<\/ul>\n<p><a href=\"https:\/\/www.juntadeandalucia.es\/boja\/2026\/46\/BOJA26-046-00026-3164-01_00334384.pdf\">Resoluci\u00f3n Pruebas Espec\u00edficas de Certificaci\u00f3n curso 2025\/2026<\/a><\/p>\n<p>Gu\u00eda de personas candidatas PEC (POR PUBLICAR)<\/p>\n\n\n<p><\/p>\n\n\n\n<p><\/p>\n\n\n\n<div style=\"height:60px\" aria-hidden=\"true\" class=\"wp-block-spacer\"><\/div>\n\n\n\n<div class=\"wp-block-columns is-layout-flex wp-container-core-columns-is-layout-1 wp-block-columns-is-layout-flex\">\n<div class=\"wp-block-column is-vertically-aligned-center is-layout-flow wp-block-column-is-layout-flow\">\n<p><\/p>\n<\/div>\n<\/div>\n\n\n\n<p><\/p>\n","protected":false},"excerpt":{"rendered":"<p>(V\u00e1lida para las convocatorias de junio y septiembre) PLAZO DE MATRICULACI\u00d3N: DEL 1 AL 15 DE ABRIL NIVELES:\u00a0FRANC\u00c9S\u00a0 (B1) , INGL\u00c9S (A2,\u00a0 B1,\u00a0 B2 y C1) FECHAS DE EX\u00c1MENES\u00a0 (PINCHA AQU\u00cd) (falta por determinar las pruebas orales) QUI\u00c9N PUEDE MATRICULARSE: LAS PERSONAS MAYORES DE 16 A\u00d1OS Y LOS QUE CUMPLAN 16 ANTES DEL 31 DE&hellip;&nbsp;<a href=\"https:\/\/www.eoiestepa.es\/?page_id=47\" class=\"\" rel=\"bookmark\">Leer m\u00e1s &raquo;<span class=\"screen-reader-text\">Matr\u00edcula Libre en Idiomas<\/span><\/a><\/p>\n","protected":false},"author":1,"featured_media":0,"parent":0,"menu_order":0,"comment_status":"closed","ping_status":"open","template":"","meta":{"_acf_changed":false,"neve_meta_sidebar":"","neve_meta_container":"","neve_meta_enable_content_width":"","neve_meta_content_width":0,"neve_meta_title_alignment":"","neve_meta_author_avatar":"","neve_post_elements_order":"","neve_meta_disable_header":"","neve_meta_disable_footer":"","neve_meta_disable_title":"","footnotes":""},"class_list":["post-47","page","type-page","status-publish","hentry"],"acf":[],"post_mailing_queue_ids":[],"_links":{"self":[{"href":"https:\/\/www.eoiestepa.es\/index.php?rest_route=\/wp\/v2\/pages\/47","targetHints":{"allow":["GET"]}}],"collection":[{"href":"https:\/\/www.eoiestepa.es\/index.php?rest_route=\/wp\/v2\/pages"}],"about":[{"href":"https:\/\/www.eoiestepa.es\/index.php?rest_route=\/wp\/v2\/types\/page"}],"author":[{"embeddable":true,"href":"https:\/\/www.eoiestepa.es\/index.php?rest_route=\/wp\/v2\/users\/1"}],"replies":[{"embeddable":true,"href":"https:\/\/www.eoiestepa.es\/index.php?rest_route=%2Fwp%2Fv2%2Fcomments&post=47"}],"version-history":[{"count":102,"href":"https:\/\/www.eoiestepa.es\/index.php?rest_route=\/wp\/v2\/pages\/47\/revisions"}],"predecessor-version":[{"id":4495,"href":"https:\/\/www.eoiestepa.es\/index.php?rest_route=\/wp\/v2\/pages\/47\/revisions\/4495"}],"wp:attachment":[{"href":"https:\/\/www.eoiestepa.es\/index.php?rest_route=%2Fwp%2Fv2%2Fmedia&parent=47"}],"curies":[{"name":"wp","href":"https:\/\/api.w.org\/{rel}","templated":true}]}}