{"id":59,"date":"2013-12-05T19:33:18","date_gmt":"2013-12-05T18:33:18","guid":{"rendered":"http:\/\/www.eoiestepa.es\/?page_id=59"},"modified":"2026-04-29T10:27:19","modified_gmt":"2026-04-29T08:27:19","slug":"oferta-formativa","status":"publish","type":"page","link":"https:\/\/www.eoiestepa.es\/?page_id=59","title":{"rendered":"Oferta formativa"},"content":{"rendered":"<div id=\"id2\">\n<div>\n<div>\n<p><strong>Ense\u00f1anzas ofertadas\u00a0\u00a0<\/strong><\/p>\n<\/div>\n<\/div>\n<\/div>\n<div id=\"id3\">\n<p>\u00a0Las ense\u00f1anzas de la EOI de Estepa se organizan como sigue:<\/p>\n<ol>\n<li style=\"list-style-type: none;\">\n<ol>\n<li style=\"list-style-type: none;\">\n<ol>\n<li>Nivel B\u00e1sico (2 Cursos).<\/li>\n<li>Nivel Intermedio B1 (1 Curso).<\/li>\n<li>Nivel Intermedio B2 (2 cursos).<\/li>\n<li>Nivel Avanzado C1 (2 Cursos).<\/li>\n<\/ol>\n<\/li>\n<\/ol>\n<\/li>\n<\/ol>\n<p>Las Ense\u00f1anzas de las EEOOII se han adaptado al Marco Com\u00fan Europeo de Referencia (MCER), por lo que el Nivel \u00a0B\u00e1sico corresponde a A2, el Intermedio a B1 o B2 y curso 1\u00ba Nivel Avanzado a C1.<\/p>\n<\/div>\n<div>\u00a0<\/div>\n\n\n<p>La Escuela Oficial de Idiomas de Estepa tiene la siguiente oferta de ense\u00f1anzas para el curso 2025\/2026:<\/p>\n\n\n\n<p><strong>Ense\u00f1anzas de tipo ordinario:<\/strong><\/p>\n\n\n\n<ul class=\"wp-block-list\">\n<li>Ense\u00f1anzas especializadas de <strong>franc\u00e9s<\/strong> en los cursos de Nivel B\u00e1sico (A1 y A2), Nivel Intermedio (B1)<\/li>\n\n\n\n<li>Ense\u00f1anzas especializadas de<strong> ingl\u00e9s<\/strong> en cursos de Nivel B\u00e1sico (A1 y A2), Nivel Intermedio (B1 y B2) y\u00a0 curso 1\u00ba de Nivel Avanzado (C1). *<em>Tambi\u00e9n se oferta en la modalidad<strong> SEMIPRESENCIAL<\/strong> el curso Nivel Intermedio B<\/em>1.<\/li>\n\n\n\n<li><strong>Ense\u00f1anzas a grupos CAL (Curso de Actualizaci\u00f3n Ling\u00fc\u00edstica):<\/strong>*Ense\u00f1anzas especializadas de ingl\u00e9s en los cursos de 3\u00ba, 4\u00ba Y 5\u00ba CAL \u00a0<\/li>\n\n\n\n<li>Cursos de actualizaci\u00f3n y perfeccionamiento: Ingl\u00e9s atenci\u00f3n al p\u00fablico nivel b\u00e1sico.<\/li>\n<\/ul>\n\n\n\n<div class=\"wp-block-columns is-layout-flex wp-container-core-columns-is-layout-1 wp-block-columns-is-layout-flex\">\n<div class=\"wp-block-column is-layout-flow wp-block-column-is-layout-flow\"><div class=\"cff-wrapper\">\t<h3 class=\"cff-header  cff-outside\" >\n\t\t<span class=\"fa fab fa-facebook-square\"  style=\"font-size:28px;\"  aria-hidden=\"true\"><\/span>\n\t\t<span class=\"header-text\">Facebook<\/span>\n\t<\/h3>\n\t\n<section class=\"cff-likebox cff-outside cff-top\" >\n\t\t<iframe title=\"Likebox Iframe\" src=\"\" class=\"fb_iframe_widget\" data-likebox-id=\"1502168063426394\" data-likebox-width=\"300\" data-likebox-header=\"\" data-hide-cover=\"\" data-hide-cta=\"1\" data-likebox-faces=\"1\" data-height=\"214\" data-locale=\"es_ES\" scrolling=\"no\" allowTransparency=\"true\" allow=\"encrypted-media\" ><\/iframe>\n<\/section>\n<div class=\"cff-wrapper-ctn  cff-wrapper-fixed-height\"  style=\"height:500px;\" ><div id=\"cff\"  class=\"cff cff-list-container  cff-fixed-height  cff-default-styles  cff-mob-cols-1 cff-tab-cols-1\"   style=\"width:100%;\"   data-char=\"400\" ><div class=\"cff-posts-wrap\"><div id=\"cff_1502168063426394_1457925183013057\" class=\"cff-item cff-photo-post author-eoi-estepa\"  style=\"border-bottom: 1px solid #;\">\n\t<div class=\"cff-author\">\n\t<div class=\"cff-author-text\">\n\t\t\t\t\t<div class=\"cff-page-name cff-author-date\" >\n\t\t\t\t<a href=\"https:\/\/facebook.com\/1502168063426394\" target=\"_blank\" rel=\"nofollow noopener\" >EOI Estepa<\/a>\n\t\t\t\t<span class=\"cff-story\"> <\/span>\n\t\t\t<\/div>\n\t\t\t\n<p class=\"cff-date\" > 2 semanas atr\u00e1s <\/p>\n\t\t\t<\/div>\n\t<div class=\"cff-author-img \" data-avatar=\"https:\/\/scontent-bru2-1.xx.fbcdn.net\/v\/t39.30808-1\/298500566_459195042886081_3983693111656036881_n.jpg?stp=cp0_dst-jpg_s50x50_tt6&#038;_nc_cat=103&#038;ccb=1-7&#038;_nc_sid=f907e8&#038;_nc_ohc=9g99gb_KAYIQ7kNvwFQwbgi&#038;_nc_oc=AdqQm4xT3F3w221FgIj_VyVrkhkV7sEwmHanPyhteR5jSkb4q8nQIP40rLD1UnpkhZU&#038;_nc_zt=24&#038;_nc_ht=scontent-bru2-1.xx&#038;edm=AKIiGfEEAAAA&#038;_nc_gid=6ZdhfeowpH5sCMTg3tRieQ&#038;_nc_tpa=Q5bMBQFfIKA8QHCBuVbpTB95WVGU781UQ2i-ojRolz6LTJLxH8rZp12nvqFd05cx6fDdjtojGM_Q5j9ebw&#038;oh=00_Af0jABIqRn7ye8FKEHqaMhPt5-4mJ3MsUTyf0L9m6e1X9g&#038;oe=69F17214\">\n\t\t<a href=\"https:\/\/facebook.com\/1502168063426394\" target=\"_blank\" rel=\"nofollow noopener\" ><img decoding=\"async\" src=\"https:\/\/scontent-bru2-1.xx.fbcdn.net\/v\/t39.30808-1\/298500566_459195042886081_3983693111656036881_n.jpg?stp=cp0_dst-jpg_s50x50_tt6&#038;_nc_cat=103&#038;ccb=1-7&#038;_nc_sid=f907e8&#038;_nc_ohc=9g99gb_KAYIQ7kNvwFQwbgi&#038;_nc_oc=AdqQm4xT3F3w221FgIj_VyVrkhkV7sEwmHanPyhteR5jSkb4q8nQIP40rLD1UnpkhZU&#038;_nc_zt=24&#038;_nc_ht=scontent-bru2-1.xx&#038;edm=AKIiGfEEAAAA&#038;_nc_gid=6ZdhfeowpH5sCMTg3tRieQ&#038;_nc_tpa=Q5bMBQFfIKA8QHCBuVbpTB95WVGU781UQ2i-ojRolz6LTJLxH8rZp12nvqFd05cx6fDdjtojGM_Q5j9ebw&#038;oh=00_Af0jABIqRn7ye8FKEHqaMhPt5-4mJ3MsUTyf0L9m6e1X9g&#038;oe=69F17214\" title=\"EOI Estepa\" alt=\"EOI Estepa\" width=40 height=40 onerror=\"this.style.display='none'\"><\/a>\n\t<\/div>\n<\/div>\n\n<div class=\"cff-post-text\" >\n\t<span class=\"cff-text\" data-color=\"\">\n\t\tOs presentamos el primer bolet\u00edn informativo de nuestro proyecto Erasmus+ con pinceladas de las acciones m\u00e1s importantes llevadas a cabo en el primer semestre de ejecuci\u00f3n del proyecto. Esperamos os resulte interesante.<img class=\"cff-linebreak\" \/><a href=\"https:\/\/sites.google.com\/g.educaand.es\/ka122-adu\/newsletters\" rel='nofollow noopener noreferrer'>sites.google.com\/g.educaand.es\/ka122-adu\/newsletters<\/a>\t\t\t<\/span>\n\t<span class=\"cff-expand\">&#8230; <a href=\"#\" style=\"color: #\"><span class=\"cff-more\">Ver m\u00e1s<\/span><span class=\"cff-less\">Ver menos<\/span><\/a><\/span>\n\n<\/div>\n\n<p class=\"cff-media-link\">\n\t<a href=\"https:\/\/www.facebook.com\/photo.php?fbid=1457931313012444&#038;set=a.459195012886084&#038;type=3\" target=\"_blank\" style=\"color: #\">\n\t\t<span style=\"padding-right: 5px;\" class=\"fa fas fa-picture-o fa-image\"><\/span>Foto\t<\/a>\n<\/p>\n\t\t<div class=\"cff-post-links\">\n\t\t\t\t\t<a class=\"cff-viewpost-facebook\" href=\"https:\/\/www.facebook.com\/photo.php?fbid=1457931313012444&#038;set=a.459195012886084&#038;type=3\" title=\"Ver en Facebook\" target=\"_blank\" rel=\"nofollow noopener\" >Ver en Facebook<\/a>\n\t\t\t\t\t\t\t<div class=\"cff-share-container\">\n\t\t\t\t\t\t\t\t\t<span class=\"cff-dot\" >&middot;<\/span>\n\t\t\t\t\t\t\t\t<a class=\"cff-share-link\" href=\"https:\/\/www.facebook.com\/sharer\/sharer.php?u=https%3A%2F%2Fwww.facebook.com%2Fphoto.php%3Ffbid%3D1457931313012444%26amp%3Bset%3Da.459195012886084%26amp%3Btype%3D3\" title=\"Compartir\" >Compartir<\/a>\n\t\t\t\t<p class=\"cff-share-tooltip\">\n\t\t\t\t\t\t\t\t\t\t\t<a href=\"https:\/\/www.facebook.com\/sharer\/sharer.php?u=https%3A%2F%2Fwww.facebook.com%2Fphoto.php%3Ffbid%3D1457931313012444%26amp%3Bset%3Da.459195012886084%26amp%3Btype%3D3\" target=\"_blank\" rel=\"noopener noreferrer\" class=\"cff-facebook-icon\">\n\t\t\t\t\t\t\t<span class=\"fa fab fa-facebook-square\" aria-hidden=\"true\"><\/span>\n\t\t\t\t\t\t\t<span class=\"cff-screenreader\">Compartir en Facebook<\/span>\n\t\t\t\t\t\t<\/a>\n\t\t\t\t\t\t\t\t\t\t\t<a href=\"https:\/\/twitter.com\/intent\/tweet?text=https%3A%2F%2Fwww.facebook.com%2Fphoto.php%3Ffbid%3D1457931313012444%26amp%3Bset%3Da.459195012886084%26amp%3Btype%3D3\" target=\"_blank\" rel=\"noopener noreferrer\" class=\"cff-twitter-icon\">\n\t\t\t\t\t\t\t<span class=\"fa fab fa-twitter\" aria-hidden=\"true\"><\/span>\n\t\t\t\t\t\t\t<span class=\"cff-screenreader\">Compartir en Twitter<\/span>\n\t\t\t\t\t\t<\/a>\n\t\t\t\t\t\t\t\t\t\t\t<a href=\"https:\/\/www.linkedin.com\/shareArticle?mini=true&#038;url=https%3A%2F%2Fwww.facebook.com%2Fphoto.php%3Ffbid%3D1457931313012444%26amp%3Bset%3Da.459195012886084%26amp%3Btype%3D3&#038;title=%09%09%09Os%20presentamos%20el%20primer%20bolet%C3%ADn%20informativo%20de%20nuestro%20proyecto%20Erasmus%2B%20con%20pinceladas%20de%20las%20acciones%20m%C3%A1s%20importantes%20llevadas%20a%20cabo%20en%20el%20primer%20semestre%20de%20ejecuci%C3%B3n%20del%20proyecto.%20Esperamos%20os%20resulte%20interesante.sites.google.com%2Fg.educaand.es%2Fka122-adu%2Fnewsletters%09%09%09%09\" target=\"_blank\" rel=\"noopener noreferrer\" class=\"cff-linkedin-icon\">\n\t\t\t\t\t\t\t<span class=\"fa fab fa-linkedin\" aria-hidden=\"true\"><\/span>\n\t\t\t\t\t\t\t<span class=\"cff-screenreader\">Compartir en LinkedIn<\/span>\n\t\t\t\t\t\t<\/a>\n\t\t\t\t\t\t\t\t\t\t\t<a href=\"mailto:?subject=Facebook&#038;body=https%3A%2F%2Fwww.facebook.com%2Fphoto.php%3Ffbid%3D1457931313012444%26amp%3Bset%3Da.459195012886084%26amp%3Btype%3D3%20-%20%0A%0A%09%0A%09%09Os%20presentamos%20el%20primer%20bolet%C3%ADn%20informativo%20de%20nuestro%20proyecto%20Erasmus%2B%20con%20pinceladas%20de%20las%20acciones%20m%C3%A1s%20importantes%20llevadas%20a%20cabo%20en%20el%20primer%20semestre%20de%20ejecuci%C3%B3n%20del%20proyecto.%20Esperamos%20os%20resulte%20interesante.sites.google.com%2Fg.educaand.es%2Fka122-adu%2Fnewsletters%09%09%09%0A%09\" target=\"_blank\" rel=\"noopener noreferrer\" class=\"cff-email-icon\">\n\t\t\t\t\t\t\t<span class=\"fa fab fa-envelope\" aria-hidden=\"true\"><\/span>\n\t\t\t\t\t\t\t<span class=\"cff-screenreader\">Compartir por correo electr\u00f3nico<\/span>\n\t\t\t\t\t\t<\/a>\n\t\t\t\t\t\t\t\t\t<\/p>\n\t\t\t<\/div>\n\t\t\t<\/div>\n\t<\/div>\n\n\n\n<div id=\"cff_1502168063426394_1455545346584374\" class=\"cff-item cff-status-post cff-album author-eoi-estepa\"  style=\"border-bottom: 1px solid #;\">\n\t<div class=\"cff-author\">\n\t<div class=\"cff-author-text\">\n\t\t\t\t\t<div class=\"cff-page-name cff-author-date\" >\n\t\t\t\t<a href=\"https:\/\/facebook.com\/1502168063426394\" target=\"_blank\" rel=\"nofollow noopener\" >EOI Estepa<\/a>\n\t\t\t\t<span class=\"cff-story\"> <\/span>\n\t\t\t<\/div>\n\t\t\t\n<p class=\"cff-date\" > 2 semanas atr\u00e1s <\/p>\n\t\t\t<\/div>\n\t<div class=\"cff-author-img \" data-avatar=\"https:\/\/scontent-bru2-1.xx.fbcdn.net\/v\/t39.30808-1\/298500566_459195042886081_3983693111656036881_n.jpg?stp=cp0_dst-jpg_s50x50_tt6&#038;_nc_cat=103&#038;ccb=1-7&#038;_nc_sid=f907e8&#038;_nc_ohc=9g99gb_KAYIQ7kNvwFQwbgi&#038;_nc_oc=AdqQm4xT3F3w221FgIj_VyVrkhkV7sEwmHanPyhteR5jSkb4q8nQIP40rLD1UnpkhZU&#038;_nc_zt=24&#038;_nc_ht=scontent-bru2-1.xx&#038;edm=AKIiGfEEAAAA&#038;_nc_gid=6ZdhfeowpH5sCMTg3tRieQ&#038;_nc_tpa=Q5bMBQFfIKA8QHCBuVbpTB95WVGU781UQ2i-ojRolz6LTJLxH8rZp12nvqFd05cx6fDdjtojGM_Q5j9ebw&#038;oh=00_Af0jABIqRn7ye8FKEHqaMhPt5-4mJ3MsUTyf0L9m6e1X9g&#038;oe=69F17214\">\n\t\t<a href=\"https:\/\/facebook.com\/1502168063426394\" target=\"_blank\" rel=\"nofollow noopener\" ><img decoding=\"async\" src=\"https:\/\/scontent-bru2-1.xx.fbcdn.net\/v\/t39.30808-1\/298500566_459195042886081_3983693111656036881_n.jpg?stp=cp0_dst-jpg_s50x50_tt6&#038;_nc_cat=103&#038;ccb=1-7&#038;_nc_sid=f907e8&#038;_nc_ohc=9g99gb_KAYIQ7kNvwFQwbgi&#038;_nc_oc=AdqQm4xT3F3w221FgIj_VyVrkhkV7sEwmHanPyhteR5jSkb4q8nQIP40rLD1UnpkhZU&#038;_nc_zt=24&#038;_nc_ht=scontent-bru2-1.xx&#038;edm=AKIiGfEEAAAA&#038;_nc_gid=6ZdhfeowpH5sCMTg3tRieQ&#038;_nc_tpa=Q5bMBQFfIKA8QHCBuVbpTB95WVGU781UQ2i-ojRolz6LTJLxH8rZp12nvqFd05cx6fDdjtojGM_Q5j9ebw&#038;oh=00_Af0jABIqRn7ye8FKEHqaMhPt5-4mJ3MsUTyf0L9m6e1X9g&#038;oe=69F17214\" title=\"EOI Estepa\" alt=\"EOI Estepa\" width=40 height=40 onerror=\"this.style.display='none'\"><\/a>\n\t<\/div>\n<\/div>\n\n<div class=\"cff-post-text\" >\n\t<span class=\"cff-text\" data-color=\"\">\n\t\tNuestra compa\u00f1era Isabel M\u00aa P\u00e9rez Gonz\u00e1lez se encuentra realizando un curso titulado Mindfulness and Wellbeing in the Classroom en Dubl\u00edn, Irlanda, dentro del proyecto Erasmus+ Impulsando la Motivaci\u00f3n y el bienestar en la ense\u00f1anza de idiomas de adultos que llevamos desarrollando desde principios de curso. Con esta experiencia esperamos tener acceso a t\u00e9cnicas y pr\u00e1cticas de mindfulness tanto en nuestra vida diaria como en la ense\u00f1anza que ayuden al profesorado y al alumnado a tener una experiencia m\u00e1s satisfactoria del aprendizaje de idiomas.\t\t\t<\/span>\n\t<span class=\"cff-expand\">&#8230; <a href=\"#\" style=\"color: #\"><span class=\"cff-more\">Ver m\u00e1s<\/span><span class=\"cff-less\">Ver menos<\/span><\/a><\/span>\n\n<\/div>\n\n<p class=\"cff-media-link\">\n\t<a href=\"https:\/\/www.facebook.com\/459205832885002\/posts\/1455545346584374\" target=\"_blank\" style=\"color: #\">\n\t\t<span style=\"padding-right: 5px;\" class=\"fa fas fa-picture-o fa-image\"><\/span>Foto\t<\/a>\n<\/p>\n\t\t<div class=\"cff-post-links\">\n\t\t\t\t\t<a class=\"cff-viewpost-facebook\" href=\"https:\/\/www.facebook.com\/459205832885002\/posts\/1455545346584374\" title=\"Ver en Facebook\" target=\"_blank\" rel=\"nofollow noopener\" >Ver en Facebook<\/a>\n\t\t\t\t\t\t\t<div class=\"cff-share-container\">\n\t\t\t\t\t\t\t\t\t<span class=\"cff-dot\" >&middot;<\/span>\n\t\t\t\t\t\t\t\t<a class=\"cff-share-link\" href=\"https:\/\/www.facebook.com\/sharer\/sharer.php?u=https%3A%2F%2Fwww.facebook.com%2F459205832885002%2Fposts%2F1455545346584374\" title=\"Compartir\" >Compartir<\/a>\n\t\t\t\t<p class=\"cff-share-tooltip\">\n\t\t\t\t\t\t\t\t\t\t\t<a href=\"https:\/\/www.facebook.com\/sharer\/sharer.php?u=https%3A%2F%2Fwww.facebook.com%2F459205832885002%2Fposts%2F1455545346584374\" target=\"_blank\" rel=\"noopener noreferrer\" class=\"cff-facebook-icon\">\n\t\t\t\t\t\t\t<span class=\"fa fab fa-facebook-square\" aria-hidden=\"true\"><\/span>\n\t\t\t\t\t\t\t<span class=\"cff-screenreader\">Compartir en Facebook<\/span>\n\t\t\t\t\t\t<\/a>\n\t\t\t\t\t\t\t\t\t\t\t<a href=\"https:\/\/twitter.com\/intent\/tweet?text=https%3A%2F%2Fwww.facebook.com%2F459205832885002%2Fposts%2F1455545346584374\" target=\"_blank\" rel=\"noopener noreferrer\" class=\"cff-twitter-icon\">\n\t\t\t\t\t\t\t<span class=\"fa fab fa-twitter\" aria-hidden=\"true\"><\/span>\n\t\t\t\t\t\t\t<span class=\"cff-screenreader\">Compartir en Twitter<\/span>\n\t\t\t\t\t\t<\/a>\n\t\t\t\t\t\t\t\t\t\t\t<a href=\"https:\/\/www.linkedin.com\/shareArticle?mini=true&#038;url=https%3A%2F%2Fwww.facebook.com%2F459205832885002%2Fposts%2F1455545346584374&#038;title=%09%09%09Nuestra%20compa%C3%B1era%20Isabel%20M%C2%AA%20P%C3%A9rez%20Gonz%C3%A1lez%20se%20encuentra%20realizando%20un%20curso%20titulado%20Mindfulness%20and%20Wellbeing%20in%20the%20Classroom%20en%20Dubl%C3%ADn%2C%20Irlanda%2C%20dentro%20del%20proyecto%20Erasmus%2B%20Impulsando%20la%20Motivaci%C3%B3n%20y%20el%20bienestar%20en%20la%20ense%C3%B1anza%20de%20idiomas%20de%20adultos%20que%20llevamos%20desarrollando%20desde%20principios%20de%20curso.%20Con%20esta%20experiencia%20esperamos%20tener%20acceso%20a%20t%C3%A9cnicas%20y%20pr%C3%A1cticas%20de%20mindfulness%20tanto%20en%20nuestra%20vida%20diaria%20como%20en%20la%20ense%C3%B1anza%20que%20ayuden%20al%20profesorado%20y%20al%20alumnado%20a%20tener%20una%20experiencia%20m%C3%A1s%20satisfactoria%20del%20aprendizaje%20de%20idiomas.%09%09%09%09\" target=\"_blank\" rel=\"noopener noreferrer\" class=\"cff-linkedin-icon\">\n\t\t\t\t\t\t\t<span class=\"fa fab fa-linkedin\" aria-hidden=\"true\"><\/span>\n\t\t\t\t\t\t\t<span class=\"cff-screenreader\">Compartir en LinkedIn<\/span>\n\t\t\t\t\t\t<\/a>\n\t\t\t\t\t\t\t\t\t\t\t<a href=\"mailto:?subject=Facebook&#038;body=https%3A%2F%2Fwww.facebook.com%2F459205832885002%2Fposts%2F1455545346584374%20-%20%0A%0A%09%0A%09%09Nuestra%20compa%C3%B1era%20Isabel%20M%C2%AA%20P%C3%A9rez%20Gonz%C3%A1lez%20se%20encuentra%20realizando%20un%20curso%20titulado%20Mindfulness%20and%20Wellbeing%20in%20the%20Classroom%20en%20Dubl%C3%ADn%2C%20Irlanda%2C%20dentro%20del%20proyecto%20Erasmus%2B%20Impulsando%20la%20Motivaci%C3%B3n%20y%20el%20bienestar%20en%20la%20ense%C3%B1anza%20de%20idiomas%20de%20adultos%20que%20llevamos%20desarrollando%20desde%20principios%20de%20curso.%20Con%20esta%20experiencia%20esperamos%20tener%20acceso%20a%20t%C3%A9cnicas%20y%20pr%C3%A1cticas%20de%20mindfulness%20tanto%20en%20nuestra%20vida%20diaria%20como%20en%20la%20ense%C3%B1anza%20que%20ayuden%20al%20profesorado%20y%20al%20alumnado%20a%20tener%20una%20experiencia%20m%C3%A1s%20satisfactoria%20del%20aprendizaje%20de%20idiomas.%09%09%09%0A%09\" target=\"_blank\" rel=\"noopener noreferrer\" class=\"cff-email-icon\">\n\t\t\t\t\t\t\t<span class=\"fa fab fa-envelope\" aria-hidden=\"true\"><\/span>\n\t\t\t\t\t\t\t<span class=\"cff-screenreader\">Compartir por correo electr\u00f3nico<\/span>\n\t\t\t\t\t\t<\/a>\n\t\t\t\t\t\t\t\t\t<\/p>\n\t\t\t<\/div>\n\t\t\t<\/div>\n\t<\/div>\n\n\n\n<div id=\"cff_1502168063426394_1451467686992140\" class=\"cff-item cff-photo-post author-eoi-estepa\"  style=\"border-bottom: 1px solid #;\">\n\t<div class=\"cff-author\">\n\t<div class=\"cff-author-text\">\n\t\t\t\t\t<div class=\"cff-page-name cff-author-date\" >\n\t\t\t\t<a href=\"https:\/\/facebook.com\/1502168063426394\" target=\"_blank\" rel=\"nofollow noopener\" >EOI Estepa<\/a>\n\t\t\t\t<span class=\"cff-story\"> <\/span>\n\t\t\t<\/div>\n\t\t\t\n<p class=\"cff-date\" > 3 semanas atr\u00e1s <\/p>\n\t\t\t<\/div>\n\t<div class=\"cff-author-img \" data-avatar=\"https:\/\/scontent-bru2-1.xx.fbcdn.net\/v\/t39.30808-1\/298500566_459195042886081_3983693111656036881_n.jpg?stp=cp0_dst-jpg_s50x50_tt6&#038;_nc_cat=103&#038;ccb=1-7&#038;_nc_sid=f907e8&#038;_nc_ohc=9g99gb_KAYIQ7kNvwFQwbgi&#038;_nc_oc=AdqQm4xT3F3w221FgIj_VyVrkhkV7sEwmHanPyhteR5jSkb4q8nQIP40rLD1UnpkhZU&#038;_nc_zt=24&#038;_nc_ht=scontent-bru2-1.xx&#038;edm=AKIiGfEEAAAA&#038;_nc_gid=6ZdhfeowpH5sCMTg3tRieQ&#038;_nc_tpa=Q5bMBQFfIKA8QHCBuVbpTB95WVGU781UQ2i-ojRolz6LTJLxH8rZp12nvqFd05cx6fDdjtojGM_Q5j9ebw&#038;oh=00_Af0jABIqRn7ye8FKEHqaMhPt5-4mJ3MsUTyf0L9m6e1X9g&#038;oe=69F17214\">\n\t\t<a href=\"https:\/\/facebook.com\/1502168063426394\" target=\"_blank\" rel=\"nofollow noopener\" ><img decoding=\"async\" src=\"https:\/\/scontent-bru2-1.xx.fbcdn.net\/v\/t39.30808-1\/298500566_459195042886081_3983693111656036881_n.jpg?stp=cp0_dst-jpg_s50x50_tt6&#038;_nc_cat=103&#038;ccb=1-7&#038;_nc_sid=f907e8&#038;_nc_ohc=9g99gb_KAYIQ7kNvwFQwbgi&#038;_nc_oc=AdqQm4xT3F3w221FgIj_VyVrkhkV7sEwmHanPyhteR5jSkb4q8nQIP40rLD1UnpkhZU&#038;_nc_zt=24&#038;_nc_ht=scontent-bru2-1.xx&#038;edm=AKIiGfEEAAAA&#038;_nc_gid=6ZdhfeowpH5sCMTg3tRieQ&#038;_nc_tpa=Q5bMBQFfIKA8QHCBuVbpTB95WVGU781UQ2i-ojRolz6LTJLxH8rZp12nvqFd05cx6fDdjtojGM_Q5j9ebw&#038;oh=00_Af0jABIqRn7ye8FKEHqaMhPt5-4mJ3MsUTyf0L9m6e1X9g&#038;oe=69F17214\" title=\"EOI Estepa\" alt=\"EOI Estepa\" width=40 height=40 onerror=\"this.style.display='none'\"><\/a>\n\t<\/div>\n<\/div>\n\n<div class=\"cff-post-text\" >\n\t<span class=\"cff-text\" data-color=\"\">\n\t\tSi tienes pensado matricularte en la EOI Estepa el curso 2026\/2027 no te olvides de solicitar tu beca del Ministerio de Educaci\u00f3n, formaci\u00f3n Profesional y Deportes desde el 07\/04\/2026 a las 08:00 hasta el 18\/05\/2026 a las 15:00. No pierdas esta oportunidad. Te dejamos el enlace donde puedes hacerlo: <img class=\"cff-linebreak\" \/><a href=\"https:\/\/www.educacionfpydeportes.gob.es\/...\/050130-2026.html\" rel='nofollow noopener noreferrer'>www.educacionfpydeportes.gob.es\/&#8230;\/050130-2026.html<\/a>\t\t\t<\/span>\n\t<span class=\"cff-expand\">&#8230; <a href=\"#\" style=\"color: #\"><span class=\"cff-more\">Ver m\u00e1s<\/span><span class=\"cff-less\">Ver menos<\/span><\/a><\/span>\n\n<\/div>\n\n<p class=\"cff-media-link\">\n\t<a href=\"https:\/\/www.facebook.com\/photo.php?fbid=1451467473658828&#038;set=a.459195012886084&#038;type=3\" target=\"_blank\" style=\"color: #\">\n\t\t<span style=\"padding-right: 5px;\" class=\"fa fas fa-picture-o fa-image\"><\/span>Foto\t<\/a>\n<\/p>\n\t\t<div class=\"cff-post-links\">\n\t\t\t\t\t<a class=\"cff-viewpost-facebook\" href=\"https:\/\/www.facebook.com\/photo.php?fbid=1451467473658828&#038;set=a.459195012886084&#038;type=3\" title=\"Ver en Facebook\" target=\"_blank\" rel=\"nofollow noopener\" >Ver en Facebook<\/a>\n\t\t\t\t\t\t\t<div class=\"cff-share-container\">\n\t\t\t\t\t\t\t\t\t<span class=\"cff-dot\" >&middot;<\/span>\n\t\t\t\t\t\t\t\t<a class=\"cff-share-link\" href=\"https:\/\/www.facebook.com\/sharer\/sharer.php?u=https%3A%2F%2Fwww.facebook.com%2Fphoto.php%3Ffbid%3D1451467473658828%26amp%3Bset%3Da.459195012886084%26amp%3Btype%3D3\" title=\"Compartir\" >Compartir<\/a>\n\t\t\t\t<p class=\"cff-share-tooltip\">\n\t\t\t\t\t\t\t\t\t\t\t<a href=\"https:\/\/www.facebook.com\/sharer\/sharer.php?u=https%3A%2F%2Fwww.facebook.com%2Fphoto.php%3Ffbid%3D1451467473658828%26amp%3Bset%3Da.459195012886084%26amp%3Btype%3D3\" target=\"_blank\" rel=\"noopener noreferrer\" class=\"cff-facebook-icon\">\n\t\t\t\t\t\t\t<span class=\"fa fab fa-facebook-square\" aria-hidden=\"true\"><\/span>\n\t\t\t\t\t\t\t<span class=\"cff-screenreader\">Compartir en Facebook<\/span>\n\t\t\t\t\t\t<\/a>\n\t\t\t\t\t\t\t\t\t\t\t<a href=\"https:\/\/twitter.com\/intent\/tweet?text=https%3A%2F%2Fwww.facebook.com%2Fphoto.php%3Ffbid%3D1451467473658828%26amp%3Bset%3Da.459195012886084%26amp%3Btype%3D3\" target=\"_blank\" rel=\"noopener noreferrer\" class=\"cff-twitter-icon\">\n\t\t\t\t\t\t\t<span class=\"fa fab fa-twitter\" aria-hidden=\"true\"><\/span>\n\t\t\t\t\t\t\t<span class=\"cff-screenreader\">Compartir en Twitter<\/span>\n\t\t\t\t\t\t<\/a>\n\t\t\t\t\t\t\t\t\t\t\t<a href=\"https:\/\/www.linkedin.com\/shareArticle?mini=true&#038;url=https%3A%2F%2Fwww.facebook.com%2Fphoto.php%3Ffbid%3D1451467473658828%26amp%3Bset%3Da.459195012886084%26amp%3Btype%3D3&#038;title=%09%09%09Si%20tienes%20pensado%20matricularte%20en%20la%20EOI%20Estepa%20el%20curso%202026%2F2027%20no%20te%20olvides%20de%20solicitar%20tu%20beca%20del%20Ministerio%20de%20Educaci%C3%B3n%2C%20formaci%C3%B3n%20Profesional%20y%20Deportes%20desde%20el%2007%2F04%2F2026%20a%20las%2008%3A00%20hasta%20el%2018%2F05%2F2026%20a%20las%2015%3A00.%20No%20pierdas%20esta%20oportunidad.%20Te%20dejamos%20el%20enlace%20donde%20puedes%20hacerlo%3A%20www.educacionfpydeportes.gob.es%2F...%2F050130-2026.html%09%09%09%09\" target=\"_blank\" rel=\"noopener noreferrer\" class=\"cff-linkedin-icon\">\n\t\t\t\t\t\t\t<span class=\"fa fab fa-linkedin\" aria-hidden=\"true\"><\/span>\n\t\t\t\t\t\t\t<span class=\"cff-screenreader\">Compartir en LinkedIn<\/span>\n\t\t\t\t\t\t<\/a>\n\t\t\t\t\t\t\t\t\t\t\t<a href=\"mailto:?subject=Facebook&#038;body=https%3A%2F%2Fwww.facebook.com%2Fphoto.php%3Ffbid%3D1451467473658828%26amp%3Bset%3Da.459195012886084%26amp%3Btype%3D3%20-%20%0A%0A%09%0A%09%09Si%20tienes%20pensado%20matricularte%20en%20la%20EOI%20Estepa%20el%20curso%202026%2F2027%20no%20te%20olvides%20de%20solicitar%20tu%20beca%20del%20Ministerio%20de%20Educaci%C3%B3n%2C%20formaci%C3%B3n%20Profesional%20y%20Deportes%20desde%20el%2007%2F04%2F2026%20a%20las%2008%3A00%20hasta%20el%2018%2F05%2F2026%20a%20las%2015%3A00.%20No%20pierdas%20esta%20oportunidad.%20Te%20dejamos%20el%20enlace%20donde%20puedes%20hacerlo%3A%20www.educacionfpydeportes.gob.es%2F...%2F050130-2026.html%09%09%09%0A%09\" target=\"_blank\" rel=\"noopener noreferrer\" class=\"cff-email-icon\">\n\t\t\t\t\t\t\t<span class=\"fa fab fa-envelope\" aria-hidden=\"true\"><\/span>\n\t\t\t\t\t\t\t<span class=\"cff-screenreader\">Compartir por correo electr\u00f3nico<\/span>\n\t\t\t\t\t\t<\/a>\n\t\t\t\t\t\t\t\t\t<\/p>\n\t\t\t<\/div>\n\t\t\t<\/div>\n\t<\/div>\n\n\n\n<div id=\"cff_1502168063426394_1439934871478755\" class=\"cff-item cff-photo-post author-eoi-estepa\"  style=\"border-bottom: 1px solid #;\">\n\t<div class=\"cff-author\">\n\t<div class=\"cff-author-text\">\n\t\t\t\t\t<div class=\"cff-page-name cff-author-date\" >\n\t\t\t\t<a href=\"https:\/\/facebook.com\/1502168063426394\" target=\"_blank\" rel=\"nofollow noopener\" >EOI Estepa<\/a>\n\t\t\t\t<span class=\"cff-story\"> <\/span>\n\t\t\t<\/div>\n\t\t\t\n<p class=\"cff-date\" > 1 mes atr\u00e1s <\/p>\n\t\t\t<\/div>\n\t<div class=\"cff-author-img \" data-avatar=\"https:\/\/scontent-bru2-1.xx.fbcdn.net\/v\/t39.30808-1\/298500566_459195042886081_3983693111656036881_n.jpg?stp=cp0_dst-jpg_s50x50_tt6&#038;_nc_cat=103&#038;ccb=1-7&#038;_nc_sid=f907e8&#038;_nc_ohc=9g99gb_KAYIQ7kNvwFQwbgi&#038;_nc_oc=AdqQm4xT3F3w221FgIj_VyVrkhkV7sEwmHanPyhteR5jSkb4q8nQIP40rLD1UnpkhZU&#038;_nc_zt=24&#038;_nc_ht=scontent-bru2-1.xx&#038;edm=AKIiGfEEAAAA&#038;_nc_gid=6ZdhfeowpH5sCMTg3tRieQ&#038;_nc_tpa=Q5bMBQFfIKA8QHCBuVbpTB95WVGU781UQ2i-ojRolz6LTJLxH8rZp12nvqFd05cx6fDdjtojGM_Q5j9ebw&#038;oh=00_Af0jABIqRn7ye8FKEHqaMhPt5-4mJ3MsUTyf0L9m6e1X9g&#038;oe=69F17214\">\n\t\t<a href=\"https:\/\/facebook.com\/1502168063426394\" target=\"_blank\" rel=\"nofollow noopener\" ><img decoding=\"async\" src=\"https:\/\/scontent-bru2-1.xx.fbcdn.net\/v\/t39.30808-1\/298500566_459195042886081_3983693111656036881_n.jpg?stp=cp0_dst-jpg_s50x50_tt6&#038;_nc_cat=103&#038;ccb=1-7&#038;_nc_sid=f907e8&#038;_nc_ohc=9g99gb_KAYIQ7kNvwFQwbgi&#038;_nc_oc=AdqQm4xT3F3w221FgIj_VyVrkhkV7sEwmHanPyhteR5jSkb4q8nQIP40rLD1UnpkhZU&#038;_nc_zt=24&#038;_nc_ht=scontent-bru2-1.xx&#038;edm=AKIiGfEEAAAA&#038;_nc_gid=6ZdhfeowpH5sCMTg3tRieQ&#038;_nc_tpa=Q5bMBQFfIKA8QHCBuVbpTB95WVGU781UQ2i-ojRolz6LTJLxH8rZp12nvqFd05cx6fDdjtojGM_Q5j9ebw&#038;oh=00_Af0jABIqRn7ye8FKEHqaMhPt5-4mJ3MsUTyf0L9m6e1X9g&#038;oe=69F17214\" title=\"EOI Estepa\" alt=\"EOI Estepa\" width=40 height=40 onerror=\"this.style.display='none'\"><\/a>\n\t<\/div>\n<\/div>\n\n<div class=\"cff-post-text\" >\n\t<span class=\"cff-text\" data-color=\"\">\n\t\tSe comunica al alumnado de los cursos que conducen a certificaci\u00f3n acad\u00e9mica de nivel (B1,B2 C1) que del 1 al 16 de abril se abre el plazo para la confirmaci\u00f3n de la participaci\u00f3n en las pruebas correspondientes a trav\u00e9s de la Secretar\u00eda virtual de los centros educativos de la Junta de Andaluc\u00eda.\t\t\t<\/span>\n\t<span class=\"cff-expand\">&#8230; <a href=\"#\" style=\"color: #\"><span class=\"cff-more\">Ver m\u00e1s<\/span><span class=\"cff-less\">Ver menos<\/span><\/a><\/span>\n\n<\/div>\n\n<p class=\"cff-media-link\">\n\t<a href=\"https:\/\/www.facebook.com\/photo.php?fbid=1439934811478761&#038;set=a.459195012886084&#038;type=3\" target=\"_blank\" style=\"color: #\">\n\t\t<span style=\"padding-right: 5px;\" class=\"fa fas fa-picture-o fa-image\"><\/span>Foto\t<\/a>\n<\/p>\n\t\t<div class=\"cff-post-links\">\n\t\t\t\t\t<a class=\"cff-viewpost-facebook\" href=\"https:\/\/www.facebook.com\/photo.php?fbid=1439934811478761&#038;set=a.459195012886084&#038;type=3\" title=\"Ver en Facebook\" target=\"_blank\" rel=\"nofollow noopener\" >Ver en Facebook<\/a>\n\t\t\t\t\t\t\t<div class=\"cff-share-container\">\n\t\t\t\t\t\t\t\t\t<span class=\"cff-dot\" >&middot;<\/span>\n\t\t\t\t\t\t\t\t<a class=\"cff-share-link\" href=\"https:\/\/www.facebook.com\/sharer\/sharer.php?u=https%3A%2F%2Fwww.facebook.com%2Fphoto.php%3Ffbid%3D1439934811478761%26amp%3Bset%3Da.459195012886084%26amp%3Btype%3D3\" title=\"Compartir\" >Compartir<\/a>\n\t\t\t\t<p class=\"cff-share-tooltip\">\n\t\t\t\t\t\t\t\t\t\t\t<a href=\"https:\/\/www.facebook.com\/sharer\/sharer.php?u=https%3A%2F%2Fwww.facebook.com%2Fphoto.php%3Ffbid%3D1439934811478761%26amp%3Bset%3Da.459195012886084%26amp%3Btype%3D3\" target=\"_blank\" rel=\"noopener noreferrer\" class=\"cff-facebook-icon\">\n\t\t\t\t\t\t\t<span class=\"fa fab fa-facebook-square\" aria-hidden=\"true\"><\/span>\n\t\t\t\t\t\t\t<span class=\"cff-screenreader\">Compartir en Facebook<\/span>\n\t\t\t\t\t\t<\/a>\n\t\t\t\t\t\t\t\t\t\t\t<a href=\"https:\/\/twitter.com\/intent\/tweet?text=https%3A%2F%2Fwww.facebook.com%2Fphoto.php%3Ffbid%3D1439934811478761%26amp%3Bset%3Da.459195012886084%26amp%3Btype%3D3\" target=\"_blank\" rel=\"noopener noreferrer\" class=\"cff-twitter-icon\">\n\t\t\t\t\t\t\t<span class=\"fa fab fa-twitter\" aria-hidden=\"true\"><\/span>\n\t\t\t\t\t\t\t<span class=\"cff-screenreader\">Compartir en Twitter<\/span>\n\t\t\t\t\t\t<\/a>\n\t\t\t\t\t\t\t\t\t\t\t<a href=\"https:\/\/www.linkedin.com\/shareArticle?mini=true&#038;url=https%3A%2F%2Fwww.facebook.com%2Fphoto.php%3Ffbid%3D1439934811478761%26amp%3Bset%3Da.459195012886084%26amp%3Btype%3D3&#038;title=%09%09%09Se%20comunica%20al%20alumnado%20de%20los%20cursos%20que%20conducen%20a%20certificaci%C3%B3n%20acad%C3%A9mica%20de%20nivel%20%28B1%2CB2%20C1%29%20que%20del%201%20al%2016%20de%20abril%20se%20abre%20el%20plazo%20para%20la%20confirmaci%C3%B3n%20de%20la%20participaci%C3%B3n%20en%20las%20pruebas%20correspondientes%20a%20trav%C3%A9s%20de%20la%20Secretar%C3%ADa%20virtual%20de%20los%20centros%20educativos%20de%20la%20Junta%20de%20Andaluc%C3%ADa.%09%09%09%09\" target=\"_blank\" rel=\"noopener noreferrer\" class=\"cff-linkedin-icon\">\n\t\t\t\t\t\t\t<span class=\"fa fab fa-linkedin\" aria-hidden=\"true\"><\/span>\n\t\t\t\t\t\t\t<span class=\"cff-screenreader\">Compartir en LinkedIn<\/span>\n\t\t\t\t\t\t<\/a>\n\t\t\t\t\t\t\t\t\t\t\t<a href=\"mailto:?subject=Facebook&#038;body=https%3A%2F%2Fwww.facebook.com%2Fphoto.php%3Ffbid%3D1439934811478761%26amp%3Bset%3Da.459195012886084%26amp%3Btype%3D3%20-%20%0A%0A%09%0A%09%09Se%20comunica%20al%20alumnado%20de%20los%20cursos%20que%20conducen%20a%20certificaci%C3%B3n%20acad%C3%A9mica%20de%20nivel%20%28B1%2CB2%20C1%29%20que%20del%201%20al%2016%20de%20abril%20se%20abre%20el%20plazo%20para%20la%20confirmaci%C3%B3n%20de%20la%20participaci%C3%B3n%20en%20las%20pruebas%20correspondientes%20a%20trav%C3%A9s%20de%20la%20Secretar%C3%ADa%20virtual%20de%20los%20centros%20educativos%20de%20la%20Junta%20de%20Andaluc%C3%ADa.%09%09%09%0A%09\" target=\"_blank\" rel=\"noopener noreferrer\" class=\"cff-email-icon\">\n\t\t\t\t\t\t\t<span class=\"fa fab fa-envelope\" aria-hidden=\"true\"><\/span>\n\t\t\t\t\t\t\t<span class=\"cff-screenreader\">Compartir por correo electr\u00f3nico<\/span>\n\t\t\t\t\t\t<\/a>\n\t\t\t\t\t\t\t\t\t<\/p>\n\t\t\t<\/div>\n\t\t\t<\/div>\n\t<\/div>\n\n\n\n<div id=\"cff_1502168063426394_1432584985547077\" class=\"cff-item cff-status-post cff-album author-eoi-estepa\"  style=\"border-bottom: 1px solid #;\">\n\t<div class=\"cff-author\">\n\t<div class=\"cff-author-text\">\n\t\t\t\t\t<div class=\"cff-page-name cff-author-date\" >\n\t\t\t\t<a href=\"https:\/\/facebook.com\/1502168063426394\" target=\"_blank\" rel=\"nofollow noopener\" >EOI Estepa<\/a>\n\t\t\t\t<span class=\"cff-story\"> <\/span>\n\t\t\t<\/div>\n\t\t\t\n<p class=\"cff-date\" > 1 mes atr\u00e1s <\/p>\n\t\t\t<\/div>\n\t<div class=\"cff-author-img \" data-avatar=\"https:\/\/scontent-bru2-1.xx.fbcdn.net\/v\/t39.30808-1\/298500566_459195042886081_3983693111656036881_n.jpg?stp=cp0_dst-jpg_s50x50_tt6&#038;_nc_cat=103&#038;ccb=1-7&#038;_nc_sid=f907e8&#038;_nc_ohc=9g99gb_KAYIQ7kNvwFQwbgi&#038;_nc_oc=AdqQm4xT3F3w221FgIj_VyVrkhkV7sEwmHanPyhteR5jSkb4q8nQIP40rLD1UnpkhZU&#038;_nc_zt=24&#038;_nc_ht=scontent-bru2-1.xx&#038;edm=AKIiGfEEAAAA&#038;_nc_gid=6ZdhfeowpH5sCMTg3tRieQ&#038;_nc_tpa=Q5bMBQFfIKA8QHCBuVbpTB95WVGU781UQ2i-ojRolz6LTJLxH8rZp12nvqFd05cx6fDdjtojGM_Q5j9ebw&#038;oh=00_Af0jABIqRn7ye8FKEHqaMhPt5-4mJ3MsUTyf0L9m6e1X9g&#038;oe=69F17214\">\n\t\t<a href=\"https:\/\/facebook.com\/1502168063426394\" target=\"_blank\" rel=\"nofollow noopener\" ><img decoding=\"async\" src=\"https:\/\/scontent-bru2-1.xx.fbcdn.net\/v\/t39.30808-1\/298500566_459195042886081_3983693111656036881_n.jpg?stp=cp0_dst-jpg_s50x50_tt6&#038;_nc_cat=103&#038;ccb=1-7&#038;_nc_sid=f907e8&#038;_nc_ohc=9g99gb_KAYIQ7kNvwFQwbgi&#038;_nc_oc=AdqQm4xT3F3w221FgIj_VyVrkhkV7sEwmHanPyhteR5jSkb4q8nQIP40rLD1UnpkhZU&#038;_nc_zt=24&#038;_nc_ht=scontent-bru2-1.xx&#038;edm=AKIiGfEEAAAA&#038;_nc_gid=6ZdhfeowpH5sCMTg3tRieQ&#038;_nc_tpa=Q5bMBQFfIKA8QHCBuVbpTB95WVGU781UQ2i-ojRolz6LTJLxH8rZp12nvqFd05cx6fDdjtojGM_Q5j9ebw&#038;oh=00_Af0jABIqRn7ye8FKEHqaMhPt5-4mJ3MsUTyf0L9m6e1X9g&#038;oe=69F17214\" title=\"EOI Estepa\" alt=\"EOI Estepa\" width=40 height=40 onerror=\"this.style.display='none'\"><\/a>\n\t<\/div>\n<\/div>\n\n<div class=\"cff-post-text\" >\n\t<span class=\"cff-text\" data-color=\"\">\n\t\tDentro de las actividades en torno al D\u00eda Internacional de la Mujer, parte de nuestro alumnado de B2 de ingl\u00e9s realiz\u00f3 una exposici\u00f3n de mujeres significativas andaluzas en las que hicieron de gu\u00edas y nos hablaron de mujeres importantes locales como &quot;La Torralba&quot;, &quot;La Marmeta&quot;, &quot;La Colchona&quot;, Pilar Alfaro Reina, Josefa Alonso Pimentel (IX Duquesa de Osuna) y Fanny Medina, la primera mujer m\u00e9dico de Andaluc\u00eda. \u00a1Enhorabuena a los participantes!<img class=\"cff-linebreak\" \/><a href=\"https:\/\/facebook.com\/1490659580951173\">#eoiestepa<\/a> <a href=\"https:\/\/facebook.com\/490081934389312\">#8M<\/a> <a href=\"https:\/\/facebook.com\/521262007916325\">#Estepa<\/a>\t\t\t<\/span>\n\t<span class=\"cff-expand\">&#8230; <a href=\"#\" style=\"color: #\"><span class=\"cff-more\">Ver m\u00e1s<\/span><span class=\"cff-less\">Ver menos<\/span><\/a><\/span>\n\n<\/div>\n\n<p class=\"cff-media-link\">\n\t<a href=\"https:\/\/www.facebook.com\/459205832885002\/posts\/1432584985547077\" target=\"_blank\" style=\"color: #\">\n\t\t<span style=\"padding-right: 5px;\" class=\"fa fas fa-picture-o fa-image\"><\/span>Foto\t<\/a>\n<\/p>\n\t\t<div class=\"cff-post-links\">\n\t\t\t\t\t<a class=\"cff-viewpost-facebook\" href=\"https:\/\/www.facebook.com\/459205832885002\/posts\/1432584985547077\" title=\"Ver en Facebook\" target=\"_blank\" rel=\"nofollow noopener\" >Ver en Facebook<\/a>\n\t\t\t\t\t\t\t<div class=\"cff-share-container\">\n\t\t\t\t\t\t\t\t\t<span class=\"cff-dot\" >&middot;<\/span>\n\t\t\t\t\t\t\t\t<a class=\"cff-share-link\" href=\"https:\/\/www.facebook.com\/sharer\/sharer.php?u=https%3A%2F%2Fwww.facebook.com%2F459205832885002%2Fposts%2F1432584985547077\" title=\"Compartir\" >Compartir<\/a>\n\t\t\t\t<p class=\"cff-share-tooltip\">\n\t\t\t\t\t\t\t\t\t\t\t<a href=\"https:\/\/www.facebook.com\/sharer\/sharer.php?u=https%3A%2F%2Fwww.facebook.com%2F459205832885002%2Fposts%2F1432584985547077\" target=\"_blank\" rel=\"noopener noreferrer\" class=\"cff-facebook-icon\">\n\t\t\t\t\t\t\t<span class=\"fa fab fa-facebook-square\" aria-hidden=\"true\"><\/span>\n\t\t\t\t\t\t\t<span class=\"cff-screenreader\">Compartir en Facebook<\/span>\n\t\t\t\t\t\t<\/a>\n\t\t\t\t\t\t\t\t\t\t\t<a href=\"https:\/\/twitter.com\/intent\/tweet?text=https%3A%2F%2Fwww.facebook.com%2F459205832885002%2Fposts%2F1432584985547077\" target=\"_blank\" rel=\"noopener noreferrer\" class=\"cff-twitter-icon\">\n\t\t\t\t\t\t\t<span class=\"fa fab fa-twitter\" aria-hidden=\"true\"><\/span>\n\t\t\t\t\t\t\t<span class=\"cff-screenreader\">Compartir en Twitter<\/span>\n\t\t\t\t\t\t<\/a>\n\t\t\t\t\t\t\t\t\t\t\t<a href=\"https:\/\/www.linkedin.com\/shareArticle?mini=true&#038;url=https%3A%2F%2Fwww.facebook.com%2F459205832885002%2Fposts%2F1432584985547077&#038;title=%09%09%09Dentro%20de%20las%20actividades%20en%20torno%20al%20D%C3%ADa%20Internacional%20de%20la%20Mujer%2C%20parte%20de%20nuestro%20alumnado%20de%20B2%20de%20ingl%C3%A9s%20realiz%C3%B3%20una%20exposici%C3%B3n%20de%20mujeres%20significativas%20andaluzas%20en%20las%20que%20hicieron%20de%20gu%C3%ADas%20y%20nos%20hablaron%20de%20mujeres%20importantes%20locales%20como%20%26quot%3BLa%20Torralba%26quot%3B%2C%20%26quot%3BLa%20Marmeta%26quot%3B%2C%20%26quot%3BLa%20Colchona%26quot%3B%2C%20Pilar%20Alfaro%20Reina%2C%20Josefa%20Alonso%20Pimentel%20%28IX%20Duquesa%20de%20Osuna%29%20y%20Fanny%20Medina%2C%20la%20primera%20mujer%20m%C3%A9dico%20de%20Andaluc%C3%ADa.%20%C2%A1Enhorabuena%20a%20los%20participantes%21%23eoiestepa%20%238M%20%23Estepa%09%09%09%09\" target=\"_blank\" rel=\"noopener noreferrer\" class=\"cff-linkedin-icon\">\n\t\t\t\t\t\t\t<span class=\"fa fab fa-linkedin\" aria-hidden=\"true\"><\/span>\n\t\t\t\t\t\t\t<span class=\"cff-screenreader\">Compartir en LinkedIn<\/span>\n\t\t\t\t\t\t<\/a>\n\t\t\t\t\t\t\t\t\t\t\t<a href=\"mailto:?subject=Facebook&#038;body=https%3A%2F%2Fwww.facebook.com%2F459205832885002%2Fposts%2F1432584985547077%20-%20%0A%0A%09%0A%09%09Dentro%20de%20las%20actividades%20en%20torno%20al%20D%C3%ADa%20Internacional%20de%20la%20Mujer%2C%20parte%20de%20nuestro%20alumnado%20de%20B2%20de%20ingl%C3%A9s%20realiz%C3%B3%20una%20exposici%C3%B3n%20de%20mujeres%20significativas%20andaluzas%20en%20las%20que%20hicieron%20de%20gu%C3%ADas%20y%20nos%20hablaron%20de%20mujeres%20importantes%20locales%20como%20%26quot%3BLa%20Torralba%26quot%3B%2C%20%26quot%3BLa%20Marmeta%26quot%3B%2C%20%26quot%3BLa%20Colchona%26quot%3B%2C%20Pilar%20Alfaro%20Reina%2C%20Josefa%20Alonso%20Pimentel%20%28IX%20Duquesa%20de%20Osuna%29%20y%20Fanny%20Medina%2C%20la%20primera%20mujer%20m%C3%A9dico%20de%20Andaluc%C3%ADa.%20%C2%A1Enhorabuena%20a%20los%20participantes%21%23eoiestepa%20%238M%20%23Estepa%09%09%09%0A%09\" target=\"_blank\" rel=\"noopener noreferrer\" class=\"cff-email-icon\">\n\t\t\t\t\t\t\t<span class=\"fa fab fa-envelope\" aria-hidden=\"true\"><\/span>\n\t\t\t\t\t\t\t<span class=\"cff-screenreader\">Compartir por correo electr\u00f3nico<\/span>\n\t\t\t\t\t\t<\/a>\n\t\t\t\t\t\t\t\t\t<\/p>\n\t\t\t<\/div>\n\t\t\t<\/div>\n\t<\/div>\n\n\n\n<\/div><input class=\"cff-pag-url\" type=\"hidden\" data-locatornonce=\"49bbf7a4be\" data-cff-shortcode=\"{&quot;feed&quot;: &quot;1&quot;}\" data-post-id=\"59\" data-feed-id=\"1502168063426394\"><\/div><\/div><div class=\"cff-clear\"><\/div><\/div><\/div>\n\n\n\n<div class=\"wp-block-column is-layout-flow wp-block-column-is-layout-flow\">\n<div id=\"sb_instagram\"  class=\"sbi sbi_mob_col_1 sbi_tab_col_2 sbi_col_3 sbi_fixed_height\" style=\"padding-bottom: 10px; width: 100%; height: 730px;\"\t data-feedid=\"sbi_17841429683701807#18\"  data-res=\"auto\" data-cols=\"3\" data-colsmobile=\"1\" data-colstablet=\"2\" data-num=\"18\" data-nummobile=\"\" data-item-padding=\"5\"\t data-shortcode-atts=\"{}\"  data-postid=\"59\" data-locatornonce=\"1313b8ca35\" data-imageaspectratio=\"1:1\" data-sbi-flags=\"favorLocal\">\n\t\n\t<div id=\"sbi_images\"  style=\"gap: 10px;\">\n\t\t\t<\/div>\n\n\t<div id=\"sbi_load\" >\n\n\t\n\t\t\t<span class=\"sbi_follow_btn\" >\n\t\t\t<a target=\"_blank\"\n\t\t\t\trel=\"nofollow noopener\"  href=\"https:\/\/www.instagram.com\/17841429683701807\/\">\n\t\t\t\t<svg class=\"svg-inline--fa fa-instagram fa-w-14\" aria-hidden=\"true\" data-fa-processed=\"\" aria-label=\"Instagram\" data-prefix=\"fab\" data-icon=\"instagram\" role=\"img\" viewBox=\"0 0 448 512\">\n                    <path fill=\"currentColor\" d=\"M224.1 141c-63.6 0-114.9 51.3-114.9 114.9s51.3 114.9 114.9 114.9S339 319.5 339 255.9 287.7 141 224.1 141zm0 189.6c-41.1 0-74.7-33.5-74.7-74.7s33.5-74.7 74.7-74.7 74.7 33.5 74.7 74.7-33.6 74.7-74.7 74.7zm146.4-194.3c0 14.9-12 26.8-26.8 26.8-14.9 0-26.8-12-26.8-26.8s12-26.8 26.8-26.8 26.8 12 26.8 26.8zm76.1 27.2c-1.7-35.9-9.9-67.7-36.2-93.9-26.2-26.2-58-34.4-93.9-36.2-37-2.1-147.9-2.1-184.9 0-35.8 1.7-67.6 9.9-93.9 36.1s-34.4 58-36.2 93.9c-2.1 37-2.1 147.9 0 184.9 1.7 35.9 9.9 67.7 36.2 93.9s58 34.4 93.9 36.2c37 2.1 147.9 2.1 184.9 0 35.9-1.7 67.7-9.9 93.9-36.2 26.2-26.2 34.4-58 36.2-93.9 2.1-37 2.1-147.8 0-184.8zM398.8 388c-7.8 19.6-22.9 34.7-42.6 42.6-29.5 11.7-99.5 9-132.1 9s-102.7 2.6-132.1-9c-19.6-7.8-34.7-22.9-42.6-42.6-11.7-29.5-9-99.5-9-132.1s-2.6-102.7 9-132.1c7.8-19.6 22.9-34.7 42.6-42.6 29.5-11.7 99.5-9 132.1-9s102.7-2.6 132.1 9c19.6 7.8 34.7 22.9 42.6 42.6 11.7 29.5 9 99.5 9 132.1s2.7 102.7-9 132.1z\"><\/path>\n                <\/svg>\t\t\t\t<span>S\u00edguenos en Instagram<\/span>\n\t\t\t<\/a>\n\t\t<\/span>\n\t\n<\/div>\n\t\t<span class=\"sbi_resized_image_data\" data-feed-id=\"sbi_17841429683701807#18\"\n\t\t  data-resized=\"[]\">\n\t<\/span>\n\t<\/div>\n\n<\/div>\n<\/div>\n","protected":false},"excerpt":{"rendered":"<p>Ense\u00f1anzas ofertadas\u00a0\u00a0 \u00a0Las ense\u00f1anzas de la EOI de Estepa se organizan como sigue: Nivel B\u00e1sico (2 Cursos). Nivel Intermedio B1 (1 Curso). Nivel Intermedio B2 (2 cursos). Nivel Avanzado C1 (2 Cursos). Las Ense\u00f1anzas de las EEOOII se han adaptado al Marco Com\u00fan Europeo de Referencia (MCER), por lo que el Nivel \u00a0B\u00e1sico corresponde a&hellip;&nbsp;<a href=\"https:\/\/www.eoiestepa.es\/?page_id=59\" class=\"\" rel=\"bookmark\">Leer m\u00e1s &raquo;<span class=\"screen-reader-text\">Oferta formativa<\/span><\/a><\/p>\n","protected":false},"author":4,"featured_media":0,"parent":0,"menu_order":0,"comment_status":"closed","ping_status":"open","template":"","meta":{"_acf_changed":false,"neve_meta_sidebar":"","neve_meta_container":"","neve_meta_enable_content_width":"","neve_meta_content_width":0,"neve_meta_title_alignment":"","neve_meta_author_avatar":"","neve_post_elements_order":"","neve_meta_disable_header":"","neve_meta_disable_footer":"","neve_meta_disable_title":"","footnotes":""},"class_list":["post-59","page","type-page","status-publish","hentry"],"acf":[],"post_mailing_queue_ids":[],"_links":{"self":[{"href":"https:\/\/www.eoiestepa.es\/index.php?rest_route=\/wp\/v2\/pages\/59","targetHints":{"allow":["GET"]}}],"collection":[{"href":"https:\/\/www.eoiestepa.es\/index.php?rest_route=\/wp\/v2\/pages"}],"about":[{"href":"https:\/\/www.eoiestepa.es\/index.php?rest_route=\/wp\/v2\/types\/page"}],"author":[{"embeddable":true,"href":"https:\/\/www.eoiestepa.es\/index.php?rest_route=\/wp\/v2\/users\/4"}],"replies":[{"embeddable":true,"href":"https:\/\/www.eoiestepa.es\/index.php?rest_route=%2Fwp%2Fv2%2Fcomments&post=59"}],"version-history":[{"count":12,"href":"https:\/\/www.eoiestepa.es\/index.php?rest_route=\/wp\/v2\/pages\/59\/revisions"}],"predecessor-version":[{"id":4592,"href":"https:\/\/www.eoiestepa.es\/index.php?rest_route=\/wp\/v2\/pages\/59\/revisions\/4592"}],"wp:attachment":[{"href":"https:\/\/www.eoiestepa.es\/index.php?rest_route=%2Fwp%2Fv2%2Fmedia&parent=59"}],"curies":[{"name":"wp","href":"https:\/\/api.w.org\/{rel}","templated":true}]}}